{"id":105720,"date":"2026-04-04T13:54:46","date_gmt":"2026-04-04T11:54:46","guid":{"rendered":"https:\/\/dodo-inflatables.com\/dodo-relaunch?product=6-professzionalis-tepozaras-focilabda-szett"},"modified":"2026-04-04T13:54:46","modified_gmt":"2026-04-04T11:54:46","slug":"6-professzionalis-tepozaras-focilabda-szett","status":"publish","type":"product","link":"https:\/\/dodo-inflatables.com\/hu\/termek\/6-professzionalis-tepozaras-focilabda-szett\/","title":{"rendered":"6 professzion\u00e1lis t\u00e9p\u0151z\u00e1ras focilabda szett"},"content":{"rendered":"<h2><strong>6 professzion\u00e1lis t\u00e9p\u0151z\u00e1ras focilabda szett \u2013 T\u00f6bb m\u00f3ka egy praktikus szettben!<\/strong><\/h2>\n<p>T\u00f6bb labd\u00e1ra van sz\u00fcks\u00e9ge a focis c\u00e9lba dob\u00f3 j\u00e1t\u00e9k\u00e1hoz? Akkor a mi <strong>6 professzion\u00e1lis t\u00e9p\u0151z\u00e1ras focilabda szett\u00fcnk<\/strong> pontosan az, amire sz\u00fcks\u00e9ge van! Ezek a kiv\u00e1l\u00f3 min\u0151s\u00e9g\u0171 t\u00e9p\u0151z\u00e1ras labd\u00e1k kit\u0171n\u0151 tapad\u00e1st k\u00edn\u00e1lnak \u00e9s kevesebb bosszant\u00f3 sz\u00e1lat hagynak a t\u00e9p\u0151z\u00e1ras fel\u00fcleten. Az optimaliz\u00e1lt t\u00e9p\u0151z\u00e1ras kivitelnek k\u00f6sz\u00f6nhet\u0151en tart\u00f3sak \u00e9s pontos l\u00f6v\u00e9seket biztos\u00edtanak.<br \/>\n<em>Az \u00d6n el\u0151nyei:<\/em><br \/>\n\u2705 Pr\u00e9mium min\u0151s\u00e9g \u2013 Kevesebb sz\u00e1l, kiv\u00e1l\u00f3 tapad\u00e1s!<br \/>\n\u2705 Praktikus szett el\u0151ny \u2013 Ide\u00e1lis ha t\u00f6bb labd\u00e1ra van sz\u00fcks\u00e9ge rendszeres haszn\u00e1lathoz<br \/>\n<em>Term\u00e9kadatok:<\/em><br \/>\n\u26bd 6 professzion\u00e1lis t\u00e9p\u0151z\u00e1ras focilabda szett<br \/>\n\u26bd \u00c1tm\u00e9r\u0151: 21 cm<br \/>\n\u26bd Sz\u00ednek: piros, s\u00e1rga, fekete (a sz\u00ednek v\u00e9letlenszer\u0171en ker\u00fclnek kiv\u00e1laszt\u00e1sra)<br \/>\nT\u00f6bb labda \u2013 t\u00f6bb m\u00f3ka! Rendelje meg most a 6 professzion\u00e1lis t\u00e9p\u0151z\u00e1ras focilabda szettj\u00e9t!<\/p>\n","protected":false},"excerpt":{"rendered":"<p>\u26bd 6 professzion\u00e1lis t\u00e9p\u0151z\u00e1ras focilabda szett<br \/>\n\u26bd \u00c1tm\u00e9r\u0151: 21 cm<br \/>\n\u26bd Sz\u00ednek: piros, s\u00e1rga, fekete (a sz\u00ednek v\u00e9letlenszer\u0171en ker\u00fclnek kiv\u00e1laszt\u00e1sra)<\/p>\n","protected":false},"featured_media":105719,"comment_status":"open","ping_status":"closed","template":"","meta":{"_acf_changed":false,"_uag_custom_page_level_css":"","site-sidebar-layout":"default","site-content-layout":"boxed-container","ast-site-content-layout":"normal-width-container","site-content-style":"boxed","site-sidebar-style":"default","ast-global-header-display":"","ast-banner-title-visibility":"","ast-main-header-display":"","ast-hfb-above-header-display":"","ast-hfb-below-header-display":"","ast-hfb-mobile-header-display":"","site-post-title":"disabled","ast-breadcrumbs-content":"","ast-featured-img":"","footer-sml-layout":"","ast-disable-related-posts":"","theme-transparent-header-meta":"default","adv-header-id-meta":"","stick-header-meta":"default","header-above-stick-meta":"","header-main-stick-meta":"","header-below-stick-meta":"","astra-migrate-meta-layouts":"default","ast-page-background-enabled":"default","ast-page-background-meta":{"desktop":{"background-color":"var(--ast-global-color-4)","background-image":"","background-repeat":"repeat","background-position":"center center","background-size":"auto","background-attachment":"scroll","background-type":"","background-media":"","overlay-type":"","overlay-color":"","overlay-opacity":"","overlay-gradient":""},"tablet":{"background-color":"","background-image":"","background-repeat":"repeat","background-position":"center center","background-size":"auto","background-attachment":"scroll","background-type":"","background-media":"","overlay-type":"","overlay-color":"","overlay-opacity":"","overlay-gradient":""},"mobile":{"background-color":"","background-image":"","background-repeat":"repeat","background-position":"center center","background-size":"auto","background-attachment":"scroll","background-type":"","background-media":"","overlay-type":"","overlay-color":"","overlay-opacity":"","overlay-gradient":""}},"ast-content-background-meta":{"desktop":{"background-color":"var(--ast-global-color-5)","background-image":"","background-repeat":"repeat","background-position":"center center","background-size":"auto","background-attachment":"scroll","background-type":"","background-media":"","overlay-type":"","overlay-color":"","overlay-opacity":"","overlay-gradient":""},"tablet":{"background-color":"var(--ast-global-color-5)","background-image":"","background-repeat":"repeat","background-position":"center center","background-size":"auto","background-attachment":"scroll","background-type":"","background-media":"","overlay-type":"","overlay-color":"","overlay-opacity":"","overlay-gradient":""},"mobile":{"background-color":"var(--ast-global-color-5)","background-image":"","background-repeat":"repeat","background-position":"center center","background-size":"auto","background-attachment":"scroll","background-type":"","background-media":"","overlay-type":"","overlay-color":"","overlay-opacity":"","overlay-gradient":""}}},"product_brand":[],"product_cat":[829],"product_tag":[],"class_list":{"0":"post-105720","1":"product","2":"type-product","3":"status-publish","4":"has-post-thumbnail","6":"product_cat-kiegeszitok","7":"product_shipping_class-zubehor-hu","8":"desktop-align-center","9":"tablet-align-center","10":"mobile-align-center","11":"ast-product-gallery-layout-horizontal","12":"ast-product-tabs-layout-horizontal","14":"first","15":"instock","16":"sale","17":"taxable","18":"shipping-taxable","19":"purchasable","20":"product-type-simple"},"acf":[],"yoast_head":"<!-- This site is optimized with the Yoast SEO plugin v27.5 - https:\/\/yoast.com\/product\/yoast-seo-wordpress\/ -->\n<title>6 professzion\u00e1lis t\u00e9p\u0151z\u00e1ras focilabda szett | Dodo Inflatables<\/title>\n<meta name=\"description\" content=\"6 professzion\u00e1lis t\u00e9p\u0151z\u00e1ras focilabda szett \u2013 \u00e1tm\u00e9r\u0151 21 cm, kiv\u00e1l\u00f3 tapad\u00e1s, kevesebb sz\u00e1l. Piros, s\u00e1rga, fekete \u2013 ide\u00e1lis focis c\u00e9lba dob\u00f3 j\u00e1t\u00e9khoz.\" \/>\n<meta name=\"robots\" content=\"index, follow, max-snippet:-1, max-image-preview:large, max-video-preview:-1\" \/>\n<link rel=\"canonical\" href=\"https:\/\/dodo-inflatables.com\/hu\/termek\/6-professzionalis-tepozaras-focilabda-szett\/\" \/>\n<meta name=\"twitter:label1\" content=\"Becs\u00fclt olvas\u00e1si id\u0151\" \/>\n\t<meta name=\"twitter:data1\" content=\"1 perc\" \/>\n<script type=\"application\/ld+json\" class=\"yoast-schema-graph\">{\"@context\":\"https:\\\/\\\/schema.org\",\"@graph\":[{\"@type\":\"WebPage\",\"@id\":\"https:\\\/\\\/dodo-inflatables.com\\\/hu\\\/termek\\\/6-professzionalis-tepozaras-focilabda-szett\\\/\",\"url\":\"https:\\\/\\\/dodo-inflatables.com\\\/hu\\\/termek\\\/6-professzionalis-tepozaras-focilabda-szett\\\/\",\"name\":\"6 professzion\u00e1lis t\u00e9p\u0151z\u00e1ras focilabda szett | Dodo Inflatables\",\"isPartOf\":{\"@id\":\"https:\\\/\\\/dodo-inflatables.com\\\/hu\\\/#website\"},\"primaryImageOfPage\":{\"@id\":\"https:\\\/\\\/dodo-inflatables.com\\\/hu\\\/termek\\\/6-professzionalis-tepozaras-focilabda-szett\\\/#primaryimage\"},\"image\":{\"@id\":\"https:\\\/\\\/dodo-inflatables.com\\\/hu\\\/termek\\\/6-professzionalis-tepozaras-focilabda-szett\\\/#primaryimage\"},\"thumbnailUrl\":\"https:\\\/\\\/dodo-inflatables.com\\\/wp-content\\\/uploads\\\/2026\\\/04\\\/6er-set-klettbaelle-fussball-dart.jpg\",\"datePublished\":\"2026-04-04T11:54:46+00:00\",\"description\":\"6 professzion\u00e1lis t\u00e9p\u0151z\u00e1ras focilabda szett \u2013 \u00e1tm\u00e9r\u0151 21 cm, kiv\u00e1l\u00f3 tapad\u00e1s, kevesebb sz\u00e1l. Piros, s\u00e1rga, fekete \u2013 ide\u00e1lis focis c\u00e9lba dob\u00f3 j\u00e1t\u00e9khoz.\",\"breadcrumb\":{\"@id\":\"https:\\\/\\\/dodo-inflatables.com\\\/hu\\\/termek\\\/6-professzionalis-tepozaras-focilabda-szett\\\/#breadcrumb\"},\"inLanguage\":\"hu\",\"potentialAction\":[{\"@type\":\"ReadAction\",\"target\":[\"https:\\\/\\\/dodo-inflatables.com\\\/hu\\\/termek\\\/6-professzionalis-tepozaras-focilabda-szett\\\/\"]}]},{\"@type\":\"ImageObject\",\"inLanguage\":\"hu\",\"@id\":\"https:\\\/\\\/dodo-inflatables.com\\\/hu\\\/termek\\\/6-professzionalis-tepozaras-focilabda-szett\\\/#primaryimage\",\"url\":\"https:\\\/\\\/dodo-inflatables.com\\\/wp-content\\\/uploads\\\/2026\\\/04\\\/6er-set-klettbaelle-fussball-dart.jpg\",\"contentUrl\":\"https:\\\/\\\/dodo-inflatables.com\\\/wp-content\\\/uploads\\\/2026\\\/04\\\/6er-set-klettbaelle-fussball-dart.jpg\",\"width\":1000,\"height\":1000,\"caption\":\"6 professzion\u00e1lis t\u00e9p\u0151z\u00e1ras focilabda szett | Dodo Inflatables\"},{\"@type\":\"BreadcrumbList\",\"@id\":\"https:\\\/\\\/dodo-inflatables.com\\\/hu\\\/termek\\\/6-professzionalis-tepozaras-focilabda-szett\\\/#breadcrumb\",\"itemListElement\":[{\"@type\":\"ListItem\",\"position\":1,\"name\":\"Kezd\u0151lap\",\"item\":\"https:\\\/\\\/dodo-inflatables.com\\\/hu\\\/\"},{\"@type\":\"ListItem\",\"position\":2,\"name\":\"Shop\",\"item\":\"https:\\\/\\\/dodo-inflatables.com\\\/hu\\\/shop\\\/\"},{\"@type\":\"ListItem\",\"position\":3,\"name\":\"6 professzion\u00e1lis t\u00e9p\u0151z\u00e1ras focilabda szett\"}]},{\"@type\":\"WebSite\",\"@id\":\"https:\\\/\\\/dodo-inflatables.com\\\/hu\\\/#website\",\"url\":\"https:\\\/\\\/dodo-inflatables.com\\\/hu\\\/\",\"name\":\"dodo-inflatables.com\",\"description\":\"V\u00e1s\u00e1roljon ugr\u00e1l\u00f3v\u00e1rakat \u00e9s l\u00e1tnival\u00f3kat \u00fczlet\u00fcnkben.\",\"potentialAction\":[{\"@type\":\"SearchAction\",\"target\":{\"@type\":\"EntryPoint\",\"urlTemplate\":\"https:\\\/\\\/dodo-inflatables.com\\\/hu\\\/?s={search_term_string}\"},\"query-input\":{\"@type\":\"PropertyValueSpecification\",\"valueRequired\":true,\"valueName\":\"search_term_string\"}}],\"inLanguage\":\"hu\"}]}<\/script>\n<!-- \/ Yoast SEO plugin. -->","yoast_head_json":{"title":"6 professzion\u00e1lis t\u00e9p\u0151z\u00e1ras focilabda szett | Dodo Inflatables","description":"6 professzion\u00e1lis t\u00e9p\u0151z\u00e1ras focilabda szett \u2013 \u00e1tm\u00e9r\u0151 21 cm, kiv\u00e1l\u00f3 tapad\u00e1s, kevesebb sz\u00e1l. Piros, s\u00e1rga, fekete \u2013 ide\u00e1lis focis c\u00e9lba dob\u00f3 j\u00e1t\u00e9khoz.","robots":{"index":"index","follow":"follow","max-snippet":"max-snippet:-1","max-image-preview":"max-image-preview:large","max-video-preview":"max-video-preview:-1"},"canonical":"https:\/\/dodo-inflatables.com\/hu\/termek\/6-professzionalis-tepozaras-focilabda-szett\/","twitter_misc":{"Becs\u00fclt olvas\u00e1si id\u0151":"1 perc"},"schema":{"@context":"https:\/\/schema.org","@graph":[{"@type":"WebPage","@id":"https:\/\/dodo-inflatables.com\/hu\/termek\/6-professzionalis-tepozaras-focilabda-szett\/","url":"https:\/\/dodo-inflatables.com\/hu\/termek\/6-professzionalis-tepozaras-focilabda-szett\/","name":"6 professzion\u00e1lis t\u00e9p\u0151z\u00e1ras focilabda szett | Dodo Inflatables","isPartOf":{"@id":"https:\/\/dodo-inflatables.com\/hu\/#website"},"primaryImageOfPage":{"@id":"https:\/\/dodo-inflatables.com\/hu\/termek\/6-professzionalis-tepozaras-focilabda-szett\/#primaryimage"},"image":{"@id":"https:\/\/dodo-inflatables.com\/hu\/termek\/6-professzionalis-tepozaras-focilabda-szett\/#primaryimage"},"thumbnailUrl":"https:\/\/dodo-inflatables.com\/wp-content\/uploads\/2026\/04\/6er-set-klettbaelle-fussball-dart.jpg","datePublished":"2026-04-04T11:54:46+00:00","description":"6 professzion\u00e1lis t\u00e9p\u0151z\u00e1ras focilabda szett \u2013 \u00e1tm\u00e9r\u0151 21 cm, kiv\u00e1l\u00f3 tapad\u00e1s, kevesebb sz\u00e1l. Piros, s\u00e1rga, fekete \u2013 ide\u00e1lis focis c\u00e9lba dob\u00f3 j\u00e1t\u00e9khoz.","breadcrumb":{"@id":"https:\/\/dodo-inflatables.com\/hu\/termek\/6-professzionalis-tepozaras-focilabda-szett\/#breadcrumb"},"inLanguage":"hu","potentialAction":[{"@type":"ReadAction","target":["https:\/\/dodo-inflatables.com\/hu\/termek\/6-professzionalis-tepozaras-focilabda-szett\/"]}]},{"@type":"ImageObject","inLanguage":"hu","@id":"https:\/\/dodo-inflatables.com\/hu\/termek\/6-professzionalis-tepozaras-focilabda-szett\/#primaryimage","url":"https:\/\/dodo-inflatables.com\/wp-content\/uploads\/2026\/04\/6er-set-klettbaelle-fussball-dart.jpg","contentUrl":"https:\/\/dodo-inflatables.com\/wp-content\/uploads\/2026\/04\/6er-set-klettbaelle-fussball-dart.jpg","width":1000,"height":1000,"caption":"6 professzion\u00e1lis t\u00e9p\u0151z\u00e1ras focilabda szett | Dodo Inflatables"},{"@type":"BreadcrumbList","@id":"https:\/\/dodo-inflatables.com\/hu\/termek\/6-professzionalis-tepozaras-focilabda-szett\/#breadcrumb","itemListElement":[{"@type":"ListItem","position":1,"name":"Kezd\u0151lap","item":"https:\/\/dodo-inflatables.com\/hu\/"},{"@type":"ListItem","position":2,"name":"Shop","item":"https:\/\/dodo-inflatables.com\/hu\/shop\/"},{"@type":"ListItem","position":3,"name":"6 professzion\u00e1lis t\u00e9p\u0151z\u00e1ras focilabda szett"}]},{"@type":"WebSite","@id":"https:\/\/dodo-inflatables.com\/hu\/#website","url":"https:\/\/dodo-inflatables.com\/hu\/","name":"dodo-inflatables.com","description":"V\u00e1s\u00e1roljon ugr\u00e1l\u00f3v\u00e1rakat \u00e9s l\u00e1tnival\u00f3kat \u00fczlet\u00fcnkben.","potentialAction":[{"@type":"SearchAction","target":{"@type":"EntryPoint","urlTemplate":"https:\/\/dodo-inflatables.com\/hu\/?s={search_term_string}"},"query-input":{"@type":"PropertyValueSpecification","valueRequired":true,"valueName":"search_term_string"}}],"inLanguage":"hu"}]}},"uagb_featured_image_src":{"full":["https:\/\/dodo-inflatables.com\/wp-content\/uploads\/2026\/04\/6er-set-klettbaelle-fussball-dart.jpg",1000,1000,false],"thumbnail":["https:\/\/dodo-inflatables.com\/wp-content\/uploads\/2026\/04\/6er-set-klettbaelle-fussball-dart-150x150.jpg",150,150,true],"medium":["https:\/\/dodo-inflatables.com\/wp-content\/uploads\/2026\/04\/6er-set-klettbaelle-fussball-dart-300x300.jpg",300,300,true],"medium_large":["https:\/\/dodo-inflatables.com\/wp-content\/uploads\/2026\/04\/6er-set-klettbaelle-fussball-dart-768x768.jpg",768,768,true],"large":["https:\/\/dodo-inflatables.com\/wp-content\/uploads\/2026\/04\/6er-set-klettbaelle-fussball-dart.jpg",1000,1000,false],"1536x1536":["https:\/\/dodo-inflatables.com\/wp-content\/uploads\/2026\/04\/6er-set-klettbaelle-fussball-dart.jpg",1000,1000,false],"2048x2048":["https:\/\/dodo-inflatables.com\/wp-content\/uploads\/2026\/04\/6er-set-klettbaelle-fussball-dart.jpg",1000,1000,false],"woocommerce_thumbnail":["https:\/\/dodo-inflatables.com\/wp-content\/uploads\/2026\/04\/6er-set-klettbaelle-fussball-dart-900x900.jpg",900,900,true],"woocommerce_single":["https:\/\/dodo-inflatables.com\/wp-content\/uploads\/2026\/04\/6er-set-klettbaelle-fussball-dart-900x900.jpg",900,900,true],"woocommerce_gallery_thumbnail":["https:\/\/dodo-inflatables.com\/wp-content\/uploads\/2026\/04\/6er-set-klettbaelle-fussball-dart-100x100.jpg",100,100,true]},"uagb_author_info":{"display_name":"Andreas","author_link":"https:\/\/dodo-inflatables.com\/hu\/author\/"},"uagb_comment_info":0,"uagb_excerpt":"\u26bd 6 professzion\u00e1lis t\u00e9p\u0151z\u00e1ras focilabda szett \u26bd \u00c1tm\u00e9r\u0151: 21 cm \u26bd Sz\u00ednek: piros, s\u00e1rga, fekete (a sz\u00ednek v\u00e9letlenszer\u0171en ker\u00fclnek kiv\u00e1laszt\u00e1sra)","_links":{"self":[{"href":"https:\/\/dodo-inflatables.com\/hu\/wp-json\/wp\/v2\/product\/105720","targetHints":{"allow":["GET"]}}],"collection":[{"href":"https:\/\/dodo-inflatables.com\/hu\/wp-json\/wp\/v2\/product"}],"about":[{"href":"https:\/\/dodo-inflatables.com\/hu\/wp-json\/wp\/v2\/types\/product"}],"replies":[{"embeddable":true,"href":"https:\/\/dodo-inflatables.com\/hu\/wp-json\/wp\/v2\/comments?post=105720"}],"wp:featuredmedia":[{"embeddable":true,"href":"https:\/\/dodo-inflatables.com\/hu\/wp-json\/wp\/v2\/media\/105719"}],"wp:attachment":[{"href":"https:\/\/dodo-inflatables.com\/hu\/wp-json\/wp\/v2\/media?parent=105720"}],"wp:term":[{"taxonomy":"product_brand","embeddable":true,"href":"https:\/\/dodo-inflatables.com\/hu\/wp-json\/wp\/v2\/product_brand?post=105720"},{"taxonomy":"product_cat","embeddable":true,"href":"https:\/\/dodo-inflatables.com\/hu\/wp-json\/wp\/v2\/product_cat?post=105720"},{"taxonomy":"product_tag","embeddable":true,"href":"https:\/\/dodo-inflatables.com\/hu\/wp-json\/wp\/v2\/product_tag?post=105720"}],"curies":[{"name":"wp","href":"https:\/\/api.w.org\/{rel}","templated":true}]}}